{"id":3823,"date":"2025-09-08T14:05:38","date_gmt":"2025-09-08T12:05:38","guid":{"rendered":"https:\/\/scap.lu\/?post_type=event&#038;p=3823"},"modified":"2026-02-02T16:25:01","modified_gmt":"2026-02-02T15:25:01","slug":"echange-parental-2","status":"publish","type":"event","link":"https:\/\/scap.lu\/fr\/veranstaltung\/echange-parental-2\/","title":{"rendered":"Echange parental # 2 &#8211; complet"},"content":{"rendered":"<p>&nbsp;<\/p>\n<p style=\"text-align: center;\">\u00ab Mon enfant n\u2019arrive pas \u00e0 rester assis \u00e0 table, il est tout le temps en mouvement \u00bb<br \/>\n\u00ab Mon enfant n\u2019arrive pas \u00e0 se concentrer \u00e0 l\u2019\u00e9cole \u00bb<br \/>\n\u00ab Mon enfant ne m\u2019\u00e9coute pas, il est distrait \u00bb<\/p>\n<p style=\"text-align: left;\">Ce sont des pens\u00e9es que les parents d&rsquo;un enfant souffrant de TDAH ou de difficult\u00e9s de concentration prononc\u00e9es ont souvent et qui sont ressenties comme tr\u00e8s pesantes. Souvent, les parents se sentent seuls et souhaitent avoir la possibilit\u00e9 de s&rsquo;\u00e9changer avec d&rsquo;autres parents confront\u00e9s aux m\u00eames difficult\u00e9s.<\/p>\n<p style=\"text-align: left;\">Avec l&rsquo;offre \u00ab\u00a0Enfants avec TDAH &#8211; Echange parental\u00a0\u00bb, nous souhaitons offrir aux parents concern\u00e9s la possibilit\u00e9 de se rencontrer dans un cadre convivial, dans une ambiance de caf\u00e9, afin de parler de leur quotidien avec d&rsquo;autres parents et d&rsquo;apprendre que d&rsquo;autres familles sont confront\u00e9es \u00e0 des probl\u00e8mes tr\u00e8s similaires. Dans ce cadre, il est en outre possible d&rsquo;\u00e9changer des strat\u00e9gies utiles ou des informations et des points de contact utiles.<\/p>\n<p style=\"text-align: left;\">Les collaborateurs du SCAP mod\u00e8rent la rencontre (<strong>en luxembourgeois, fran\u00e7ais et anglais<\/strong>) et sont disponibles pour des questions et suggestions.<\/p>\n<p style=\"text-align: left;\">Nous nous r\u00e9jouissons de votre pr\u00e9sence et d&rsquo;un \u00e9change ouvert et int\u00e9ressant.<\/p>\n","protected":false},"excerpt":{"rendered":"<p>avec un enfant souffrant de TDAH ou de difficult\u00e9s de concentration prononc\u00e9es.<\/p>\n","protected":false},"featured_media":2182,"template":"","event_category":[32],"class_list":{"0":"post-3823","1":"event","2":"type-event","3":"status-publish","4":"has-post-thumbnail","6":"event_category-atelier-pour-parents"},"acf":[],"_links":{"self":[{"href":"https:\/\/scap.lu\/fr\/wp-json\/wp\/v2\/event\/3823","targetHints":{"allow":["GET"]}}],"collection":[{"href":"https:\/\/scap.lu\/fr\/wp-json\/wp\/v2\/event"}],"about":[{"href":"https:\/\/scap.lu\/fr\/wp-json\/wp\/v2\/types\/event"}],"version-history":[{"count":4,"href":"https:\/\/scap.lu\/fr\/wp-json\/wp\/v2\/event\/3823\/revisions"}],"predecessor-version":[{"id":4118,"href":"https:\/\/scap.lu\/fr\/wp-json\/wp\/v2\/event\/3823\/revisions\/4118"}],"wp:featuredmedia":[{"embeddable":true,"href":"https:\/\/scap.lu\/fr\/wp-json\/wp\/v2\/media\/2182"}],"wp:attachment":[{"href":"https:\/\/scap.lu\/fr\/wp-json\/wp\/v2\/media?parent=3823"}],"wp:term":[{"taxonomy":"event_category","embeddable":true,"href":"https:\/\/scap.lu\/fr\/wp-json\/wp\/v2\/event_category?post=3823"}],"curies":[{"name":"wp","href":"https:\/\/api.w.org\/{rel}","templated":true}]}}